{"id":4674,"date":"2020-10-20T12:33:02","date_gmt":"2020-10-20T12:33:02","guid":{"rendered":"https:\/\/fealold.feal.hr\/?page_id=4674"},"modified":"2021-11-11T08:18:44","modified_gmt":"2021-11-11T08:18:44","slug":"vijest-novi-direktor","status":"publish","type":"page","link":"https:\/\/fealold.feal.hr\/de\/vijest-novi-direktor\/","title":{"rendered":"Vijest: Novi direktor"},"content":{"rendered":"<div data-elementor-type=\"wp-page\" data-elementor-id=\"4674\" class=\"elementor elementor-4674\" data-elementor-post-type=\"page\">\n\t\t\t\t\t\t<section class=\"elementor-section elementor-top-section elementor-element elementor-element-c2e6c4e elementor-hidden-tablet elementor-hidden-phone elementor-section-boxed elementor-section-height-default elementor-section-height-default\" data-id=\"c2e6c4e\" data-element_type=\"section\" data-settings=\"{&quot;background_background&quot;:&quot;classic&quot;}\">\n\t\t\t\t\t\t<div class=\"elementor-container elementor-column-gap-default\">\n\t\t\t\t\t<div class=\"elementor-column elementor-col-100 elementor-top-column elementor-element elementor-element-9eb3b57\" data-id=\"9eb3b57\" data-element_type=\"column\">\n\t\t\t<div class=\"elementor-widget-wrap elementor-element-populated\">\n\t\t\t\t\t\t<div class=\"elementor-element elementor-element-ac4c4fe elementor-widget elementor-widget-heading\" data-id=\"ac4c4fe\" data-element_type=\"widget\" data-widget_type=\"heading.default\">\n\t\t\t\t<div class=\"elementor-widget-container\">\n\t\t\t<h6 class=\"elementor-heading-title elementor-size-default\"><a href=\"https:\/\/fealold.feal.hr\/de\/vijesti\/\">&lt; News<\/a><\/h6>\t\t<\/div>\n\t\t\t\t<\/div>\n\t\t\t\t\t<\/div>\n\t\t<\/div>\n\t\t\t\t\t<\/div>\n\t\t<\/section>\n\t\t\t\t<section class=\"elementor-section elementor-top-section elementor-element elementor-element-52a96f3 elementor-section-boxed elementor-section-height-default elementor-section-height-default\" data-id=\"52a96f3\" data-element_type=\"section\">\n\t\t\t\t\t\t<div class=\"elementor-container elementor-column-gap-default\">\n\t\t\t\t\t<div class=\"elementor-column elementor-col-100 elementor-top-column elementor-element elementor-element-85d8f16\" data-id=\"85d8f16\" data-element_type=\"column\">\n\t\t\t<div class=\"elementor-widget-wrap elementor-element-populated\">\n\t\t\t\t\t\t<div class=\"elementor-element elementor-element-88f7d8b elementor-widget elementor-widget-heading\" data-id=\"88f7d8b\" data-element_type=\"widget\" data-widget_type=\"heading.default\">\n\t\t\t\t<div class=\"elementor-widget-container\">\n\t\t\t<h3 class=\"elementor-heading-title elementor-size-default\">Interview: Ante Musa, der neue Gesch\u00e4ftsf\u00fchrer von FEAL<\/h3>\t\t<\/div>\n\t\t\t\t<\/div>\n\t\t\t\t\t<\/div>\n\t\t<\/div>\n\t\t\t\t\t<\/div>\n\t\t<\/section>\n\t\t\t\t<section class=\"elementor-section elementor-top-section elementor-element elementor-element-80f591a elementor-section-boxed elementor-section-height-default elementor-section-height-default\" data-id=\"80f591a\" data-element_type=\"section\">\n\t\t\t\t\t\t<div class=\"elementor-container elementor-column-gap-default\">\n\t\t\t\t\t<div class=\"elementor-column elementor-col-100 elementor-top-column elementor-element elementor-element-e21de97\" data-id=\"e21de97\" data-element_type=\"column\">\n\t\t\t<div class=\"elementor-widget-wrap elementor-element-populated\">\n\t\t\t\t\t\t<div class=\"elementor-element elementor-element-1a1802b elementor-widget elementor-widget-text-editor\" data-id=\"1a1802b\" data-element_type=\"widget\" data-widget_type=\"text-editor.default\">\n\t\t\t\t<div class=\"elementor-widget-container\">\n\t\t\t\t\t\t\t<em>11.04.2019<\/em>\t\t\t\t\t\t<\/div>\n\t\t\t\t<\/div>\n\t\t\t\t\t<\/div>\n\t\t<\/div>\n\t\t\t\t\t<\/div>\n\t\t<\/section>\n\t\t\t\t<section class=\"elementor-section elementor-top-section elementor-element elementor-element-ce1c71e elementor-section-boxed elementor-section-height-default elementor-section-height-default elementor-invisible\" data-id=\"ce1c71e\" data-element_type=\"section\" data-settings=\"{&quot;animation&quot;:&quot;fadeIn&quot;}\">\n\t\t\t\t\t\t<div class=\"elementor-container elementor-column-gap-default\">\n\t\t\t\t\t\t<\/div>\n\t\t<\/section>\n\t\t\t\t<section class=\"elementor-section elementor-top-section elementor-element elementor-element-f51d2dc elementor-section-boxed elementor-section-height-default elementor-section-height-default elementor-invisible\" data-id=\"f51d2dc\" data-element_type=\"section\" data-settings=\"{&quot;animation&quot;:&quot;fadeIn&quot;}\">\n\t\t\t\t\t\t<div class=\"elementor-container elementor-column-gap-default\">\n\t\t\t\t\t<div class=\"elementor-column elementor-col-100 elementor-top-column elementor-element elementor-element-47f2fed\" data-id=\"47f2fed\" data-element_type=\"column\">\n\t\t\t<div class=\"elementor-widget-wrap elementor-element-populated\">\n\t\t\t\t\t\t<div class=\"elementor-element elementor-element-84d75a6 elementor-widget elementor-widget-text-editor\" data-id=\"84d75a6\" data-element_type=\"widget\" data-widget_type=\"text-editor.default\">\n\t\t\t\t<div class=\"elementor-widget-container\">\n\t\t\t\t\t\t\t<p><strong>1. Sie sind der gr\u00f6\u00dfte Hersteller von Aluminiumprofilen auf dem heimischen Markt und ein Unternehmen, das seit mehr als 40 Jahren auf dem Markt pr\u00e4sent ist. Inwieweit sind Sie mit Ihrer Marktposition zufrieden?<\/strong><\/p><p>FEAL ist, wie Sie bereits erw\u00e4hnt haben, seit mehr als 40 Jahren auf dem Markt t\u00e4tig und hat in dieser anspruchsvollen Branche eine lange Tradition. Wir verteidigen den Titel des gr\u00f6\u00dften Herstellers von Aluminiumprofilen, indem wir die Produktionskapazit\u00e4ten st\u00e4ndig erweitern und in Arbeitskr\u00e4fte, Maschinen sowie innovative Technologien investieren. Die Dynamik in diesem Gesch\u00e4ftsfeld ist von Markt zu Markt unterschiedlich, daher passen wir uns den Marktbed\u00fcrfnissen an und positionieren uns als f\u00fchrender Partner in den Kompetenzbereichen, in denen wir t\u00e4tig sind. Was uns in Bosnien und Herzegowina als auch in der Region auszeichnet, ist unsere Exportquote, so sind wir am st\u00e4rksten auf Exportm\u00e4rkte ausgerichtet und derzeit mit unserer Marktposition durchaus zufrieden. Bed\u00fcrfnissen und Anforderungen unserer Kunden ein gro\u00dfes Gewicht beimessen, haben wir es geschafft, unsere heutige Position auf dem Aluminiummarkt zu erreichen und setzten als Unternehmen alles daran, den Marktanteil zu steigern.<\/p>\t\t\t\t\t\t<\/div>\n\t\t\t\t<\/div>\n\t\t\t\t\t<\/div>\n\t\t<\/div>\n\t\t\t\t<div class=\"elementor-column elementor-col-100 elementor-top-column elementor-element elementor-element-a3e4eec\" data-id=\"a3e4eec\" data-element_type=\"column\">\n\t\t\t<div class=\"elementor-widget-wrap elementor-element-populated\">\n\t\t\t\t\t\t<div class=\"elementor-element elementor-element-ebd84e0 elementor--h-position-center elementor--v-position-middle elementor-arrows-position-inside elementor-pagination-position-inside elementor-widget elementor-widget-slides\" data-id=\"ebd84e0\" data-element_type=\"widget\" data-settings=\"{&quot;navigation&quot;:&quot;both&quot;,&quot;autoplay&quot;:&quot;yes&quot;,&quot;pause_on_hover&quot;:&quot;yes&quot;,&quot;pause_on_interaction&quot;:&quot;yes&quot;,&quot;autoplay_speed&quot;:5000,&quot;infinite&quot;:&quot;yes&quot;,&quot;transition&quot;:&quot;slide&quot;,&quot;transition_speed&quot;:500}\" data-widget_type=\"slides.default\">\n\t\t\t\t<div class=\"elementor-widget-container\">\n\t\t\t\t\t<div class=\"elementor-swiper\">\n\t\t\t<div class=\"elementor-slides-wrapper elementor-main-swiper swiper\" dir=\"ltr\" data-animation=\"fadeInUp\">\n\t\t\t\t<div class=\"swiper-wrapper elementor-slides\">\n\t\t\t\t\t\t\t\t\t\t<div class=\"elementor-repeater-item-7da4e6e swiper-slide\"><div class=\"swiper-slide-bg\" role=\"img\"><\/div><div class=\"swiper-slide-inner\" ><div class=\"swiper-slide-contents\"><\/div><\/div><\/div>\t\t\t\t<\/div>\n\t\t\t\t\t\t\t<\/div>\n\t\t<\/div>\n\t\t\t\t<\/div>\n\t\t\t\t<\/div>\n\t\t\t\t\t<\/div>\n\t\t<\/div>\n\t\t\t\t\t<\/div>\n\t\t<\/section>\n\t\t\t\t<section class=\"elementor-section elementor-top-section elementor-element elementor-element-d65d4f0 elementor-section-boxed elementor-section-height-default elementor-section-height-default\" data-id=\"d65d4f0\" data-element_type=\"section\">\n\t\t\t\t\t\t<div class=\"elementor-container elementor-column-gap-default\">\n\t\t\t\t\t<div class=\"elementor-column elementor-col-100 elementor-top-column elementor-element elementor-element-e0030ca\" data-id=\"e0030ca\" data-element_type=\"column\">\n\t\t\t<div class=\"elementor-widget-wrap elementor-element-populated\">\n\t\t\t\t\t\t<div class=\"elementor-element elementor-element-81112d6 elementor-widget elementor-widget-text-editor\" data-id=\"81112d6\" data-element_type=\"widget\" data-widget_type=\"text-editor.default\">\n\t\t\t\t<div class=\"elementor-widget-container\">\n\t\t\t\t\t\t\t<p><strong>2. Was unterscheidet Sie von anderen Anbietern auf dem Markt? Was macht Sie am Markt erfolgreicher?<\/strong><\/p><p>FEAL als einer der gr\u00f6\u00dften Exporteure in Bosnien und Herzegowina ist auf vielen europ\u00e4ischen M\u00e4rkten pr\u00e4sent. Mehr als 80% unserer Produkte werden exportiert. Die Anforderungen jedes Marktes sind in vielerlei Hinsicht unterschiedlich. Egal in welcher Branche Sie t\u00e4tig sind, die Kunden verlangen von ihren Lieferanten einfach zu jeder Zeit h\u00f6chste Qualit\u00e4t und absolute Zuverl\u00e4ssigkeit was die Produkte und Prozesse anbelangt. Im Laufe der Jahre hat sich FEAL zu einem erfolgreichen und international anerkannten Unternehmen entwickelt. FEAL gew\u00e4hrleistet seinen Kunden aus den verschiedensten Industriezweigen effiziente und umfassende Dienstleistungen, die sich durch hohe Qualit\u00e4t und Innovation auszeichnen. Da die meisten Exporte nach Deutschland gehen, k\u00f6nnen wir Deutschland als unseren gr\u00f6\u00dften Handelspartner betrachten. Streben nach Perfektion ist die Voraussetzung f\u00fcr einen nachhaltigen Erfolg in unseren M\u00e4rkten.<\/p><p><strong>3. Sie sind mit modernen Anlagen f\u00fcr die Extrudierung von Aluminiumprofilen sowie Beschichtungs- und Eloxieranlagen ausgestattet. K\u00f6nnen Sie uns etwas mehr dar\u00fcber erz\u00e4hlen?<\/strong><\/p><p>Ein altes Sprichwort lautet: \u201eBez alata nema zanata\u201c (Ohne Werkzeug gibt es kein Handwerk), das auf humorvolle Weise zeigt, das wir bestrebt sind, eigene Produkte st\u00e4ndig zu verbessern sowie die Produktqualit\u00e4t zu optimieren. Qualitatives Wachstum erfolgt, wenn Betriebe in modernste Technologien investieren. Ohne diese Investitionen k\u00f6nnte man die neue Produktpalette und Qualit\u00e4t nicht entwickeln, neue Erzeugnisse ins Warensortiment bringen und die M\u00f6glichkeiten des Betriebes erh\u00f6hen. Somit ergibt sich durch die Investitionen eine neue M\u00f6glichkeit an Qualit\u00e4tsprodukten und auch neue M\u00f6glichkeiten hinsichtlich gr\u00f6\u00dferer Produktionsmengen und Kapazit\u00e4tsausweitungen. Da die Qualit\u00e4tsanspr\u00fcche der Kunden st\u00e4ndig steigen, liegt es in unserer Verantwortung als Hersteller, die Erwartungen und Anforderungen unserer Kunden bestm\u00f6glich zu erf\u00fcllen. Die zahlreichen Zertifizierungen und Auszeichnungen, die wir im Laufe der Jahre erhalten haben, sind ein Beweis f\u00fcr diese Qualit\u00e4t, die schon immer der Kern der Arbeitsphilosophie von FEAL war.<\/p><p><strong>4. Aluminiumprodukte, die Sie vermarkten, sind verschiedene Arten von Aluminiumkonstruktionen, welche in der Architektur sowie Industrie zum Einsatz kommen. K\u00f6nnen Sie eine Parallele zwischen der  Produktion f\u00fcr den Inlands- und den Auslandsmarkt ziehen?<\/strong><\/p><p class=\" translation-block\">Eine Parallele zwischen den in- und ausl\u00e4ndischen M\u00e4rkten l\u00e4sst sich nicht leicht ziehen, nicht nur wegen dem unterwickelten heimischen Markt in Bezug auf Technologie und Fortschritt, sonder auch wegen den Gesch\u00e4ftst\u00e4tigkeiten, die sonst auf dem heimischen Markt nicht verf\u00fcgbar sind. \nUnsere Erfahrungen in ausl\u00e4ndischen M\u00e4rkten waren bisher sehr positiv und dementsprechend bem\u00fchen wir uns, \u00e4u\u00dferst gute Beziehungen zu unseren Kunden zu pflegen. Dieses hervorragende Ergebnis bzw. den Markterfolg haben wir zusammen mit unseren starken Partnern im Handel und unseren Niederlassungen in EU-L\u00e4ndern (\u00d6sterreich, Deutschland, Kroatien) sowie L\u00e4ndern in der Region (Serbien, Montenegro) erreicht. Die Produktion f\u00fcr den Inlandsmarkt erfordert wie auch f\u00fcr den Auslandsmarkt das gleiche Engagement f\u00fcr die Herstellung von Produkten h\u00f6chster Qualit\u00e4t.\nEtwas weniger als 20% der Produktion entfallen auf den Inlandsmarkt, der \u00fcber mehrere Standorte verbunden ist. Der neu eingerichtete Standort befindet sich in Banja Luka. Zus\u00e4tzlich haben wir noch weitere Standorte in Sarajevo, Mostar und Siroki Brijeg.<\/p><p><strong>5. Ihre Produkte werden von externen Instituten wie IFT Rosenheim, GBD Bregenz, IGH Zagreb gepr\u00fcft und zertifiziert. Wie sehr heben sie sich von ihrer Konkurrenz ab?<\/strong><\/p><p>Unsere Systeme und Produkte werden laufend von externen Institutionen gepr\u00fcft. Insbesondere im Systembereich arbeiten wir intensiv und eng mit renommierten Instituten zusammen. Eine Zertifizierung bietet den wirksamen Nachweis, dass ein Produkt alle relevanten Sicherheits- und Qualit\u00e4tsanforderungen erf\u00fcllt und die jeweils geforderten Produktmerkmale aufweist. Mit einer Pr\u00fcfung und Zertifizierung k\u00f6nnen Unternehmen so ihre Produkte von Konkurrenzprodukten abgrenzen, denn \u00e4u\u00dferlich gleichen sich die Produkte oftmals wie ein Ei dem anderen. Dennoch k\u00f6nnen gro\u00dfe Unterschiede in der Qualit\u00e4t bestehen. Mit Zertifizierungen k\u00f6nnen Unternehmen nachweisen, dass sie bei der Herstellung ihrer Produkte und Dienstleistungen die g\u00fcltigen Standards einhalten. F\u00fcr unsere anspruchsvollen internationalen Kunden ist die Qualit\u00e4tskontrolle sehr wichtig. Wir verf\u00fcgen \u00fcber nahezu alle aktuellen europ\u00e4ischen Zertifizierungen, von ISO \u00fcber CE-Kennzeichnung bis hin zu speziellen Sondernormen f\u00fcr Beschichtung und Isolierung. Unser Qualit\u00e4tsmanagement wird laufend geschult und verf\u00fcgt \u00fcber entsprechendes technisches Equipment, um die Vorg\u00e4nge und Abl\u00e4ufe zu sichern. Die Produktionslinien stehen auch unter st\u00e4ndiger Kontrolle gem. ISO 14001:2004, die der beste Garant f\u00fcr unseren Umweltschutz ist. In der gesamten Produktionskette kommen moderne Technologien und Schutzmittel zum Einsatz. Umweltschutz sowie Sicherheit am Arbeitsplatz f\u00fcr unsere Arbeitnehmer z\u00e4hlen zu einem unserer Hauptaugenmerke.<\/p><p><strong>6. Was sind die Neuheiten im FEAL-Sortiment?<\/strong><\/p><p>Aus den Neuheiten m\u00f6chte ich das GH 40-System herausgreifen. Dieses System ist f\u00fcr die Herstellung von Faltl\u00e4den (Akkordeons) vorgesehen, die sich ideal als Trennw\u00e4nde f\u00fcr Balkone oder Terrassen, vor allem als Sonnenschutz, eignen. Das System erm\u00f6glicht unterschiedliche Fl\u00fcgelf\u00fcllungen. Die Eigenschaften des Systems sind: modernes Erscheinungsbild, einfache Handhabung und Wartung, Flexibilit\u00e4t in verschiedenen Herstellungstypologien sowie Best\u00e4ndigkeit gegen Witterungseinfl\u00fcsse.<\/p><p><strong>7. Was macht das Schiebesystem INOWA so besonders? K\u00f6nnen Sie das attraktive Design des INOWA-Systems, das aus der langj\u00e4hrigen Zusammenarbeit zwischen FEAL und ROTO zu Stande gekommen ist, etwas detaillierter beschreiben?<\/strong><\/p><p>Das INOWA-System kombiniert Komfort und attraktives Design f\u00fcr Aluminium Schiebet\u00fcren. Die Anwendung dieses Schiebesystems hat mehrere Vorteile. Einige davon sind: gr\u00f6\u00dferes Eindringen von nat\u00fcrlichem Licht, bessere Qualit\u00e4t, h\u00f6here Energieeinsparung, einfachere Handhabung sowie mehr Raumsicherheit. Investoren und Architekten erwarten, au\u00dfer einer hohen Qualit\u00e4t der Bauelemente, immer mehr ein attraktives Design. Daher ist das INOWA-System das Ergebnis solcher Kundenanforderungen und W\u00fcnsche. Inowa stellt ein unersetzliches System f\u00fcr eine bessere Lebensqualit\u00e4t dar und gew\u00e4hrleistet eine hervorragende Leistung in Hinsicht auf die Luftdurchl\u00e4ssigkeit, Wasserundurchl\u00e4ssigkeit sowie Widerstandsf\u00e4higkeit gegen Windlast. W\u00e4hrend die Schiebesysteme fr\u00fcher am h\u00e4ufigsten auf Terrassen von Gastronomieobjekten zum Einbau kamen, ist heute ihr Anwendungsgebiet viel breiter. Als Antwort auf die moderne Architektur und moderne Trends, sowie im Einklang mit den Marktanforderungen und einem besonderen Augenmerk auf die Energieeffizienz, wurde ein neues System entwickelt. Dank der Anwendung von Hightech-Materialien und der langj\u00e4hrigen Zusammenarbeit zwischen FEAL und ROTO kam das INOWA-System zu Stande. Die Profile sind mit thermischer Trennung ausgef\u00fchrt und haben eine Rahmen Grundeinbautiefe von 156 mm sowie eine Fl\u00fcgeltiefe von 70 mm. Zur Verbesserung der thermischen Eigenschaften (Reduzierung von W\u00e4rmeleitf\u00e4higkeit) wird der D\u00e4mmstoffstreifen aus extrudiertem Polystyrol-Hartschaum (XPS) in die Profilkammer eingebaut. Die Abdichtung mit EPDM-Dichtungen erfolgt zwischen Fl\u00fcgel und Rahmen.<\/p><p><strong>8. In der Aluminiumbranche sind Sie als ein fachlich sehr kompetentes und erfolgreiches Unternehmen anerkannt. Was ist also Ihr Erfolgsrezept?<\/strong><\/p><p class=\" translation-block\">Unsere Aufgabe ist es, weltmarktf\u00fchrende Trends in der Aluminiumverarbeitung st\u00e4ndig zu verfolgen, in moderne Technik zu investieren, Fachleute regelm\u00e4\u00dfig auszubilden sowie europ\u00e4ische Produktions- und Betriebsstandards einzuf\u00fchren. \nUnser Ziel ist es, die f\u00fchrende Position in der breiten Region in der Herstellung von Bausystemen zu halten, unsere Pr\u00e4senz am EU-Markt im Bereich der Industrieprofile zu erweitern, und das Produktionsvolumen zu erh\u00f6hen. Eine der Hauptpriorit\u00e4ten ist es, allen Mitarbeitern bessere Arbeitsbedingungen zu schaffen, da gerade sie der Stolz unseres Unternehmens sind, denn ohne sie w\u00fcrde es FEAL gar nicht geben!\nZun\u00e4chst einmal ist es notwendig, die Arbeit des ganzen Teams gut zu organisieren, ihnen den R\u00fccken zu st\u00e4rken und sie zu motivieren. Unterst\u00fctzung zu bieten in jeder Situation, da das Team eine Einheit bildet, das gemeinsam fortschreitet und gute Ergebnisse erzielt, und dabei die Meinung der Kollegen respektiert.<\/p>\t\t\t\t\t\t<\/div>\n\t\t\t\t<\/div>\n\t\t\t\t<div class=\"elementor-element elementor-element-2c5ef89 elementor-widget elementor-widget-spacer\" data-id=\"2c5ef89\" data-element_type=\"widget\" data-widget_type=\"spacer.default\">\n\t\t\t\t<div class=\"elementor-widget-container\">\n\t\t\t\t\t<div class=\"elementor-spacer\">\n\t\t\t<div class=\"elementor-spacer-inner\"><\/div>\n\t\t<\/div>\n\t\t\t\t<\/div>\n\t\t\t\t<\/div>\n\t\t\t\t\t<\/div>\n\t\t<\/div>\n\t\t\t\t\t<\/div>\n\t\t<\/section>\n\t\t\t\t<section class=\"elementor-section elementor-top-section elementor-element elementor-element-a5c6c61 elementor-section-boxed elementor-section-height-default elementor-section-height-default\" data-id=\"a5c6c61\" data-element_type=\"section\">\n\t\t\t\t\t\t<div class=\"elementor-container elementor-column-gap-default\">\n\t\t\t\t\t<div class=\"elementor-column elementor-col-100 elementor-top-column elementor-element elementor-element-21feda0\" data-id=\"21feda0\" data-element_type=\"column\">\n\t\t\t<div class=\"elementor-widget-wrap elementor-element-populated\">\n\t\t\t\t\t\t<div class=\"elementor-element elementor-element-eeb1a0d elementor-widget elementor-widget-heading\" data-id=\"eeb1a0d\" data-element_type=\"widget\" data-widget_type=\"heading.default\">\n\t\t\t\t<div class=\"elementor-widget-container\">\n\t\t\t<h3 class=\"elementor-heading-title elementor-size-default\">Weiterlesen:<\/h3>\t\t<\/div>\n\t\t\t\t<\/div>\n\t\t\t\t<div class=\"elementor-element elementor-element-6278df5 elementor-widget-divider--view-line elementor-widget elementor-widget-divider\" data-id=\"6278df5\" data-element_type=\"widget\" data-widget_type=\"divider.default\">\n\t\t\t\t<div class=\"elementor-widget-container\">\n\t\t\t\t\t<div class=\"elementor-divider\">\n\t\t\t<span class=\"elementor-divider-separator\">\n\t\t\t\t\t\t<\/span>\n\t\t<\/div>\n\t\t\t\t<\/div>\n\t\t\t\t<\/div>\n\t\t\t\t<section class=\"elementor-section elementor-inner-section elementor-element elementor-element-8bcb220 elementor-section-full_width elementor-section-height-default elementor-section-height-default\" data-id=\"8bcb220\" data-element_type=\"section\">\n\t\t\t\t\t\t<div class=\"elementor-container elementor-column-gap-no\">\n\t\t\t\t\t<div class=\"elementor-column elementor-col-33 elementor-inner-column elementor-element elementor-element-a1a576c\" data-id=\"a1a576c\" data-element_type=\"column\">\n\t\t\t<div class=\"elementor-widget-wrap elementor-element-populated\">\n\t\t\t\t\t\t<div class=\"elementor-element elementor-element-6d08893 elementor-widget elementor-widget-image\" data-id=\"6d08893\" data-element_type=\"widget\" data-widget_type=\"image.default\">\n\t\t\t\t<div class=\"elementor-widget-container\">\n\t\t\t\t\t\t\t\t\t\t\t\t\t<img fetchpriority=\"high\" decoding=\"async\" width=\"300\" height=\"196\" src=\"https:\/\/fealold.feal.hr\/wp-content\/uploads\/2020\/04\/corona-300x196.jpg\" class=\"attachment-medium size-medium wp-image-1132\" alt=\"\" srcset=\"https:\/\/fealold.feal.hr\/wp-content\/uploads\/2020\/04\/corona-300x196.jpg 300w, https:\/\/fealold.feal.hr\/wp-content\/uploads\/2020\/04\/corona.jpg 500w\" sizes=\"(max-width: 300px) 100vw, 300px\" \/>\t\t\t\t\t\t\t\t\t\t\t\t\t<\/div>\n\t\t\t\t<\/div>\n\t\t\t\t<div class=\"elementor-element elementor-element-eda92a4 elementor-widget elementor-widget-heading\" data-id=\"eda92a4\" data-element_type=\"widget\" data-widget_type=\"heading.default\">\n\t\t\t\t<div class=\"elementor-widget-container\">\n\t\t\t<h5 class=\"elementor-heading-title elementor-size-default\">Covid 19 - Hinweis<\/h5>\t\t<\/div>\n\t\t\t\t<\/div>\n\t\t\t\t<div class=\"elementor-element elementor-element-38dbeb7 elementor-widget elementor-widget-text-editor\" data-id=\"38dbeb7\" data-element_type=\"widget\" data-widget_type=\"text-editor.default\">\n\t\t\t\t<div class=\"elementor-widget-container\">\n\t\t\t\t\t\t\tSchutzma\u00dfnahmen im Kampf gegen den Coronavirus\t\t\t\t\t\t<\/div>\n\t\t\t\t<\/div>\n\t\t\t\t<div class=\"elementor-element elementor-element-dfdb8c1 elementor-align-left elementor-widget elementor-widget-button\" data-id=\"dfdb8c1\" data-element_type=\"widget\" data-widget_type=\"button.default\">\n\t\t\t\t<div class=\"elementor-widget-container\">\n\t\t\t\t\t<div class=\"elementor-button-wrapper\">\n\t\t\t<a class=\"elementor-button elementor-button-link elementor-size-md\" href=\"https:\/\/fealold.feal.hr\/de\/vijest-covid-19-obavijest\u200b\/\">\n\t\t\t\t\t\t<span class=\"elementor-button-content-wrapper\">\n\t\t\t\t\t\t<span class=\"elementor-button-icon\">\n\t\t\t\t<i aria-hidden=\"true\" class=\"fas fa-angle-double-right\"><\/i>\t\t\t<\/span>\n\t\t\t\t\t\t\t\t\t<span class=\"elementor-button-text\">Weiterlesen<\/span>\n\t\t\t\t\t<\/span>\n\t\t\t\t\t<\/a>\n\t\t<\/div>\n\t\t\t\t<\/div>\n\t\t\t\t<\/div>\n\t\t\t\t\t<\/div>\n\t\t<\/div>\n\t\t\t\t<div class=\"elementor-column elementor-col-33 elementor-inner-column elementor-element elementor-element-e69cabf\" data-id=\"e69cabf\" data-element_type=\"column\">\n\t\t\t<div class=\"elementor-widget-wrap elementor-element-populated\">\n\t\t\t\t\t\t<div class=\"elementor-element elementor-element-971a969 elementor-widget elementor-widget-image\" data-id=\"971a969\" data-element_type=\"widget\" data-widget_type=\"image.default\">\n\t\t\t\t<div class=\"elementor-widget-container\">\n\t\t\t\t\t\t\t\t\t\t\t\t\t<img decoding=\"async\" width=\"500\" height=\"327\" src=\"https:\/\/fealold.feal.hr\/wp-content\/uploads\/2020\/04\/dani-arhitekata.jpg\" class=\"attachment-full size-full wp-image-1134\" alt=\"\" srcset=\"https:\/\/fealold.feal.hr\/wp-content\/uploads\/2020\/04\/dani-arhitekata.jpg 500w, https:\/\/fealold.feal.hr\/wp-content\/uploads\/2020\/04\/dani-arhitekata-300x196.jpg 300w\" sizes=\"(max-width: 500px) 100vw, 500px\" \/>\t\t\t\t\t\t\t\t\t\t\t\t\t<\/div>\n\t\t\t\t<\/div>\n\t\t\t\t<div class=\"elementor-element elementor-element-bcf9279 elementor-widget elementor-widget-heading\" data-id=\"bcf9279\" data-element_type=\"widget\" data-widget_type=\"heading.default\">\n\t\t\t\t<div class=\"elementor-widget-container\">\n\t\t\t<h5 class=\"elementor-heading-title elementor-size-default\">Tage der Architekten 3.0<\/h5>\t\t<\/div>\n\t\t\t\t<\/div>\n\t\t\t\t<div class=\"elementor-element elementor-element-d51355f elementor-widget elementor-widget-text-editor\" data-id=\"d51355f\" data-element_type=\"widget\" data-widget_type=\"text-editor.default\">\n\t\t\t\t<div class=\"elementor-widget-container\">\n\t\t\t\t\t\t\t<p>FEAL hat auch an der diesj\u00e4hrigen f\u00fchrenden Fachversammlung \"Tage der Architekten 3.0\" teilgenommen<\/p>\t\t\t\t\t\t<\/div>\n\t\t\t\t<\/div>\n\t\t\t\t<div class=\"elementor-element elementor-element-17f296f elementor-align-left elementor-widget elementor-widget-button\" data-id=\"17f296f\" data-element_type=\"widget\" data-widget_type=\"button.default\">\n\t\t\t\t<div class=\"elementor-widget-container\">\n\t\t\t\t\t<div class=\"elementor-button-wrapper\">\n\t\t\t<a class=\"elementor-button elementor-button-link elementor-size-md\" href=\"https:\/\/fealold.feal.hr\/de\/vijest-dani-arhitekata-3-0\/\">\n\t\t\t\t\t\t<span class=\"elementor-button-content-wrapper\">\n\t\t\t\t\t\t<span class=\"elementor-button-icon\">\n\t\t\t\t<i aria-hidden=\"true\" class=\"fas fa-angle-double-right\"><\/i>\t\t\t<\/span>\n\t\t\t\t\t\t\t\t\t<span class=\"elementor-button-text\">Weiterlesen<\/span>\n\t\t\t\t\t<\/span>\n\t\t\t\t\t<\/a>\n\t\t<\/div>\n\t\t\t\t<\/div>\n\t\t\t\t<\/div>\n\t\t\t\t\t<\/div>\n\t\t<\/div>\n\t\t\t\t<div class=\"elementor-column elementor-col-33 elementor-inner-column elementor-element elementor-element-67ae087\" data-id=\"67ae087\" data-element_type=\"column\">\n\t\t\t<div class=\"elementor-widget-wrap elementor-element-populated\">\n\t\t\t\t\t\t<div class=\"elementor-element elementor-element-795c8d0 elementor-widget elementor-widget-image\" data-id=\"795c8d0\" data-element_type=\"widget\" data-widget_type=\"image.default\">\n\t\t\t\t<div class=\"elementor-widget-container\">\n\t\t\t\t\t\t\t\t\t\t\t\t\t<img decoding=\"async\" width=\"500\" height=\"327\" src=\"https:\/\/fealold.feal.hr\/wp-content\/uploads\/2020\/04\/sfera-vijest.jpg\" class=\"attachment-full size-full wp-image-1488\" alt=\"\" srcset=\"https:\/\/fealold.feal.hr\/wp-content\/uploads\/2020\/04\/sfera-vijest.jpg 500w, https:\/\/fealold.feal.hr\/wp-content\/uploads\/2020\/04\/sfera-vijest-300x196.jpg 300w\" sizes=\"(max-width: 500px) 100vw, 500px\" \/>\t\t\t\t\t\t\t\t\t\t\t\t\t<\/div>\n\t\t\t\t<\/div>\n\t\t\t\t<div class=\"elementor-element elementor-element-f95965c elementor-widget elementor-widget-heading\" data-id=\"f95965c\" data-element_type=\"widget\" data-widget_type=\"heading.default\">\n\t\t\t\t<div class=\"elementor-widget-container\">\n\t\t\t<h5 class=\"elementor-heading-title elementor-size-default\">Sfera 2020<\/h5>\t\t<\/div>\n\t\t\t\t<\/div>\n\t\t\t\t<div class=\"elementor-element elementor-element-32e6776 elementor-widget elementor-widget-text-editor\" data-id=\"32e6776\" data-element_type=\"widget\" data-widget_type=\"text-editor.default\">\n\t\t\t\t<div class=\"elementor-widget-container\">\n\t\t\t\t\t\t\t<p>Unser Unternehmen unterst\u00fctzte die Veranstalter auch in diesem Jahr und war Hauptsponsor der Konferenz<\/p>\t\t\t\t\t\t<\/div>\n\t\t\t\t<\/div>\n\t\t\t\t<div class=\"elementor-element elementor-element-100c57b elementor-align-left elementor-widget elementor-widget-button\" data-id=\"100c57b\" data-element_type=\"widget\" data-widget_type=\"button.default\">\n\t\t\t\t<div class=\"elementor-widget-container\">\n\t\t\t\t\t<div class=\"elementor-button-wrapper\">\n\t\t\t<a class=\"elementor-button elementor-button-link elementor-size-md\" href=\"https:\/\/fealold.feal.hr\/de\/vijest-sfera-2020\/\">\n\t\t\t\t\t\t<span class=\"elementor-button-content-wrapper\">\n\t\t\t\t\t\t<span class=\"elementor-button-icon\">\n\t\t\t\t<i aria-hidden=\"true\" class=\"fas fa-angle-double-right\"><\/i>\t\t\t<\/span>\n\t\t\t\t\t\t\t\t\t<span class=\"elementor-button-text\">Weiterlesen<\/span>\n\t\t\t\t\t<\/span>\n\t\t\t\t\t<\/a>\n\t\t<\/div>\n\t\t\t\t<\/div>\n\t\t\t\t<\/div>\n\t\t\t\t\t<\/div>\n\t\t<\/div>\n\t\t\t\t\t<\/div>\n\t\t<\/section>\n\t\t\t\t\t<\/div>\n\t\t<\/div>\n\t\t\t\t\t<\/div>\n\t\t<\/section>\n\t\t\t\t<section class=\"elementor-section elementor-top-section elementor-element elementor-element-d2dfc44 elementor-section-boxed elementor-section-height-default elementor-section-height-default\" data-id=\"d2dfc44\" data-element_type=\"section\">\n\t\t\t\t\t\t<div class=\"elementor-container elementor-column-gap-default\">\n\t\t\t\t\t<div class=\"elementor-column elementor-col-100 elementor-top-column elementor-element elementor-element-6bd48dc\" data-id=\"6bd48dc\" data-element_type=\"column\">\n\t\t\t<div class=\"elementor-widget-wrap elementor-element-populated\">\n\t\t\t\t\t\t<div class=\"elementor-element elementor-element-48ba71e elementor-widget elementor-widget-spacer\" data-id=\"48ba71e\" data-element_type=\"widget\" data-widget_type=\"spacer.default\">\n\t\t\t\t<div class=\"elementor-widget-container\">\n\t\t\t\t\t<div class=\"elementor-spacer\">\n\t\t\t<div class=\"elementor-spacer-inner\"><\/div>\n\t\t<\/div>\n\t\t\t\t<\/div>\n\t\t\t\t<\/div>\n\t\t\t\t\t<\/div>\n\t\t<\/div>\n\t\t\t\t\t<\/div>\n\t\t<\/section>\n\t\t\t\t<\/div>","protected":false},"excerpt":{"rendered":"<p>&lt; Povratak na sve vijesti Intervju: Ante Musa, novi direktor Feal-a 11.04.2019.\u200b 1. Najve\u0107i ste proizvo\u0111a\u010d aluminijskih profila na doma\u0107em tr\u017ei\u0161tu i poduze\u0107e koje je prisutno vi\u0161e od 40 godina. U kojoj mjeri ste zadovoljni svojom tr\u017ei\u0161nom pozicijom? Poduze\u0107e FEAL kako ste ve\u0107 rekli na tr\u017ei\u0161tu je prisutno vi\u0161e od 40 godina i iza sebe &hellip;<\/p>\n<p class=\"read-more\"> <a class=\"\" href=\"https:\/\/fealold.feal.hr\/de\/vijest-novi-direktor\/\"> <span class=\"screen-reader-text\">Vijest: Novi direktor<\/span> Weiterlesen &raquo;<\/a><\/p>","protected":false},"author":4,"featured_media":0,"parent":0,"menu_order":0,"comment_status":"closed","ping_status":"closed","template":"","meta":{"footnotes":""},"tags":[],"class_list":["post-4674","page","type-page","status-publish","hentry"],"_links":{"self":[{"href":"https:\/\/fealold.feal.hr\/de\/wp-json\/wp\/v2\/pages\/4674","targetHints":{"allow":["GET"]}}],"collection":[{"href":"https:\/\/fealold.feal.hr\/de\/wp-json\/wp\/v2\/pages"}],"about":[{"href":"https:\/\/fealold.feal.hr\/de\/wp-json\/wp\/v2\/types\/page"}],"author":[{"embeddable":true,"href":"https:\/\/fealold.feal.hr\/de\/wp-json\/wp\/v2\/users\/4"}],"replies":[{"embeddable":true,"href":"https:\/\/fealold.feal.hr\/de\/wp-json\/wp\/v2\/comments?post=4674"}],"version-history":[{"count":9,"href":"https:\/\/fealold.feal.hr\/de\/wp-json\/wp\/v2\/pages\/4674\/revisions"}],"predecessor-version":[{"id":7011,"href":"https:\/\/fealold.feal.hr\/de\/wp-json\/wp\/v2\/pages\/4674\/revisions\/7011"}],"wp:attachment":[{"href":"https:\/\/fealold.feal.hr\/de\/wp-json\/wp\/v2\/media?parent=4674"}],"wp:term":[{"taxonomy":"post_tag","embeddable":true,"href":"https:\/\/fealold.feal.hr\/de\/wp-json\/wp\/v2\/tags?post=4674"}],"curies":[{"name":"wp","href":"https:\/\/api.w.org\/{rel}","templated":true}]}}