{"id":6655,"date":"2021-09-22T12:57:13","date_gmt":"2021-09-22T12:57:13","guid":{"rendered":"https:\/\/fealold.feal.hr\/?page_id=6655"},"modified":"2021-11-11T07:56:10","modified_gmt":"2021-11-11T07:56:10","slug":"vijest-dani-arhitekture-u-vrijeme-ubrzane-digitalizacije","status":"publish","type":"page","link":"https:\/\/fealold.feal.hr\/de\/vijest-dani-arhitekture-u-vrijeme-ubrzane-digitalizacije\/","title":{"rendered":"Vijest: Dani arhitekture u vrijeme ubrzane digitalizacije"},"content":{"rendered":"<div data-elementor-type=\"wp-page\" data-elementor-id=\"6655\" class=\"elementor elementor-6655\" data-elementor-post-type=\"page\">\n\t\t\t\t\t\t<section class=\"elementor-section elementor-top-section elementor-element elementor-element-0f00acc elementor-hidden-tablet elementor-hidden-phone elementor-section-boxed elementor-section-height-default elementor-section-height-default\" data-id=\"0f00acc\" data-element_type=\"section\" data-settings=\"{&quot;background_background&quot;:&quot;classic&quot;}\">\n\t\t\t\t\t\t<div class=\"elementor-container elementor-column-gap-default\">\n\t\t\t\t\t<div class=\"elementor-column elementor-col-100 elementor-top-column elementor-element elementor-element-69d89ce\" data-id=\"69d89ce\" data-element_type=\"column\">\n\t\t\t<div class=\"elementor-widget-wrap elementor-element-populated\">\n\t\t\t\t\t\t<div class=\"elementor-element elementor-element-a684a98 elementor-widget elementor-widget-heading\" data-id=\"a684a98\" data-element_type=\"widget\" data-widget_type=\"heading.default\">\n\t\t\t\t<div class=\"elementor-widget-container\">\n\t\t\t<h6 class=\"elementor-heading-title elementor-size-default\"><a href=\"https:\/\/fealold.feal.hr\/de\/vijesti\/\">&lt; News<\/a><\/h6>\t\t<\/div>\n\t\t\t\t<\/div>\n\t\t\t\t\t<\/div>\n\t\t<\/div>\n\t\t\t\t\t<\/div>\n\t\t<\/section>\n\t\t\t\t<section class=\"elementor-section elementor-top-section elementor-element elementor-element-1789ab0 elementor-section-boxed elementor-section-height-default elementor-section-height-default\" data-id=\"1789ab0\" data-element_type=\"section\">\n\t\t\t\t\t\t<div class=\"elementor-container elementor-column-gap-default\">\n\t\t\t\t\t<div class=\"elementor-column elementor-col-100 elementor-top-column elementor-element elementor-element-f5b8b9a\" data-id=\"f5b8b9a\" data-element_type=\"column\">\n\t\t\t<div class=\"elementor-widget-wrap elementor-element-populated\">\n\t\t\t\t\t\t<div class=\"elementor-element elementor-element-9e8cdcf elementor-widget elementor-widget-heading\" data-id=\"9e8cdcf\" data-element_type=\"widget\" data-widget_type=\"heading.default\">\n\t\t\t\t<div class=\"elementor-widget-container\">\n\t\t\t<h3 class=\"elementor-heading-title elementor-size-default\">Die Architekturtage in der Zeit beschleunigter Digitalisierung<\/h3>\t\t<\/div>\n\t\t\t\t<\/div>\n\t\t\t\t\t<\/div>\n\t\t<\/div>\n\t\t\t\t\t<\/div>\n\t\t<\/section>\n\t\t\t\t<section class=\"elementor-section elementor-top-section elementor-element elementor-element-25b2cf1 elementor-section-boxed elementor-section-height-default elementor-section-height-default\" data-id=\"25b2cf1\" data-element_type=\"section\">\n\t\t\t\t\t\t<div class=\"elementor-container elementor-column-gap-default\">\n\t\t\t\t\t<div class=\"elementor-column elementor-col-100 elementor-top-column elementor-element elementor-element-bd809f5\" data-id=\"bd809f5\" data-element_type=\"column\">\n\t\t\t<div class=\"elementor-widget-wrap elementor-element-populated\">\n\t\t\t\t\t\t<div class=\"elementor-element elementor-element-455d4db elementor-widget elementor-widget-text-editor\" data-id=\"455d4db\" data-element_type=\"widget\" data-widget_type=\"text-editor.default\">\n\t\t\t\t<div class=\"elementor-widget-container\">\n\t\t\t\t\t\t\t<em>22.09.2021<\/em>\t\t\t\t\t\t<\/div>\n\t\t\t\t<\/div>\n\t\t\t\t\t<\/div>\n\t\t<\/div>\n\t\t\t\t\t<\/div>\n\t\t<\/section>\n\t\t\t\t<section class=\"elementor-section elementor-top-section elementor-element elementor-element-12b57ad elementor-section-boxed elementor-section-height-default elementor-section-height-default\" data-id=\"12b57ad\" data-element_type=\"section\">\n\t\t\t\t\t\t<div class=\"elementor-container elementor-column-gap-default\">\n\t\t\t\t\t<div class=\"elementor-column elementor-col-100 elementor-top-column elementor-element elementor-element-52761af\" data-id=\"52761af\" data-element_type=\"column\">\n\t\t\t<div class=\"elementor-widget-wrap elementor-element-populated\">\n\t\t\t\t\t\t<div class=\"elementor-element elementor-element-f63e296 elementor-widget elementor-widget-image\" data-id=\"f63e296\" data-element_type=\"widget\" data-widget_type=\"image.default\">\n\t\t\t\t<div class=\"elementor-widget-container\">\n\t\t\t\t\t\t\t\t\t\t\t\t\t<img fetchpriority=\"high\" decoding=\"async\" width=\"1200\" height=\"466\" src=\"https:\/\/fealold.feal.hr\/wp-content\/uploads\/2021\/09\/Arhitekti-01.jpg\" class=\"attachment-full size-full wp-image-6658\" alt=\"\" srcset=\"https:\/\/fealold.feal.hr\/wp-content\/uploads\/2021\/09\/Arhitekti-01.jpg 1200w, https:\/\/fealold.feal.hr\/wp-content\/uploads\/2021\/09\/Arhitekti-01-300x117.jpg 300w, https:\/\/fealold.feal.hr\/wp-content\/uploads\/2021\/09\/Arhitekti-01-1024x398.jpg 1024w, https:\/\/fealold.feal.hr\/wp-content\/uploads\/2021\/09\/Arhitekti-01-768x298.jpg 768w, https:\/\/fealold.feal.hr\/wp-content\/uploads\/2021\/09\/Arhitekti-01-18x7.jpg 18w\" sizes=\"(max-width: 1200px) 100vw, 1200px\" \/>\t\t\t\t\t\t\t\t\t\t\t\t\t<\/div>\n\t\t\t\t<\/div>\n\t\t\t\t\t<\/div>\n\t\t<\/div>\n\t\t\t\t\t<\/div>\n\t\t<\/section>\n\t\t\t\t<section class=\"elementor-section elementor-top-section elementor-element elementor-element-4faf002 elementor-section-boxed elementor-section-height-default elementor-section-height-default elementor-invisible\" data-id=\"4faf002\" data-element_type=\"section\" data-settings=\"{&quot;animation&quot;:&quot;fadeIn&quot;}\">\n\t\t\t\t\t\t<div class=\"elementor-container elementor-column-gap-default\">\n\t\t\t\t\t<div class=\"elementor-column elementor-col-100 elementor-top-column elementor-element elementor-element-af65229\" data-id=\"af65229\" data-element_type=\"column\">\n\t\t\t<div class=\"elementor-widget-wrap elementor-element-populated\">\n\t\t\t\t\t\t<div class=\"elementor-element elementor-element-ba179eb elementor-widget elementor-widget-text-editor\" data-id=\"ba179eb\" data-element_type=\"widget\" data-widget_type=\"text-editor.default\">\n\t\t\t\t<div class=\"elementor-widget-container\">\n\t\t\t\t\t\t\tDie Architekturtage stellen eine der gr\u00f6\u00dften Veranstaltungen im Bereich Architektur in Bosnien und Herzegowina dar.  Es freut uns sehr, dass wir auch in diesem Jahr der \u201eGold-Sponsor\u201c dieser dreit\u00e4gigen Veranstaltung  sein d\u00fcrften. \t\t\t\t\t\t<\/div>\n\t\t\t\t<\/div>\n\t\t\t\t\t<\/div>\n\t\t<\/div>\n\t\t\t\t\t<\/div>\n\t\t<\/section>\n\t\t\t\t<section class=\"elementor-section elementor-top-section elementor-element elementor-element-4d06a97 elementor-section-boxed elementor-section-height-default elementor-section-height-default elementor-invisible\" data-id=\"4d06a97\" data-element_type=\"section\" data-settings=\"{&quot;animation&quot;:&quot;fadeIn&quot;}\">\n\t\t\t\t\t\t<div class=\"elementor-container elementor-column-gap-default\">\n\t\t\t\t\t<div class=\"elementor-column elementor-col-50 elementor-top-column elementor-element elementor-element-cb04ff9\" data-id=\"cb04ff9\" data-element_type=\"column\">\n\t\t\t<div class=\"elementor-widget-wrap elementor-element-populated\">\n\t\t\t\t\t\t<div class=\"elementor-element elementor-element-f88124f elementor-widget elementor-widget-text-editor\" data-id=\"f88124f\" data-element_type=\"widget\" data-widget_type=\"text-editor.default\">\n\t\t\t\t<div class=\"elementor-widget-container\">\n\t\t\t\t\t\t\t<p>Die diesj\u00e4hrigen Architekturtage haben vom 17. bis 19. September in Sarajevo stattgefunden. Die Er\u00f6ffnung fand auf dem Kulturplatz Jurislav Koreni\u0107 vor dem Jugendtheater statt.  Weitere Veranstaltungen wie Vortr\u00e4ge, Diskussionen und Ausstellungen  wurden im Kino Meeting Point abgehalten.<\/p>\n<p>Das Jahr 2020 war f\u00fcr alle sehr turbulent. Durch das Covid-19-Virus entstanden v\u00f6llig neue Umst\u00e4nde, die sich auf viele Bereiche wie die Transportbranche, den beschleunigten Digitalisierungswandel, die Einf\u00fchrung von Bewegungseinschr\u00e4nkungen und Versammlungsverboten ausgewirkt haben und in der diesj\u00e4hrigen Konferenz zu Hauptthemen wurden.<\/p>\n<p class=\"MsoNormal\">Eine Krisenzeit bringt fast immer neue Sichtweisen. Ergibt sich hieraus eine Gelegenheit die Architektur, den Urbanismus und das Design im Allgemeinen zu \u00fcberdenken? K\u00f6nnen wir diese Krise als Gelegenheit f\u00fcr neue Ans\u00e4tze nutzen oder k\u00f6nnen wir unsere Gedanken hinsichtlich unserer Arbeitsweisen neu erschaffen oder die etablierten Sichtweisen testen? Das sind nur einige der Fragen, \u00fcber die in diesem Jahr diskutiert wurde.<o:p><\/o:p><\/p>\t\t\t\t\t\t<\/div>\n\t\t\t\t<\/div>\n\t\t\t\t\t<\/div>\n\t\t<\/div>\n\t\t\t\t<div class=\"elementor-column elementor-col-50 elementor-top-column elementor-element elementor-element-78d3cc9\" data-id=\"78d3cc9\" data-element_type=\"column\">\n\t\t\t<div class=\"elementor-widget-wrap elementor-element-populated\">\n\t\t\t\t\t\t<div class=\"elementor-element elementor-element-6feef9d elementor--h-position-center elementor--v-position-middle elementor-arrows-position-inside elementor-pagination-position-inside elementor-widget elementor-widget-slides\" data-id=\"6feef9d\" data-element_type=\"widget\" data-settings=\"{&quot;navigation&quot;:&quot;both&quot;,&quot;autoplay&quot;:&quot;yes&quot;,&quot;pause_on_hover&quot;:&quot;yes&quot;,&quot;pause_on_interaction&quot;:&quot;yes&quot;,&quot;autoplay_speed&quot;:5000,&quot;infinite&quot;:&quot;yes&quot;,&quot;transition&quot;:&quot;slide&quot;,&quot;transition_speed&quot;:500}\" data-widget_type=\"slides.default\">\n\t\t\t\t<div class=\"elementor-widget-container\">\n\t\t\t\t\t<div class=\"elementor-swiper\">\n\t\t\t<div class=\"elementor-slides-wrapper elementor-main-swiper swiper\" dir=\"ltr\" data-animation=\"fadeInUp\">\n\t\t\t\t<div class=\"swiper-wrapper elementor-slides\">\n\t\t\t\t\t\t\t\t\t\t<div class=\"elementor-repeater-item-0587180 swiper-slide\"><div class=\"swiper-slide-bg\" role=\"img\"><\/div><div class=\"swiper-slide-inner\" ><div class=\"swiper-slide-contents\"><\/div><\/div><\/div><div class=\"elementor-repeater-item-3298806 swiper-slide\"><div class=\"swiper-slide-bg\" role=\"img\"><\/div><div class=\"swiper-slide-inner\" ><div class=\"swiper-slide-contents\"><\/div><\/div><\/div><div class=\"elementor-repeater-item-1c42e1c swiper-slide\"><div class=\"swiper-slide-bg\" role=\"img\"><\/div><div class=\"swiper-slide-inner\" ><div class=\"swiper-slide-contents\"><\/div><\/div><\/div><div class=\"elementor-repeater-item-729c232 swiper-slide\"><div class=\"swiper-slide-bg\" role=\"img\"><\/div><div class=\"swiper-slide-inner\" ><div class=\"swiper-slide-contents\"><\/div><\/div><\/div><div class=\"elementor-repeater-item-f0ec978 swiper-slide\"><div class=\"swiper-slide-bg\" role=\"img\"><\/div><div class=\"swiper-slide-inner\" ><div class=\"swiper-slide-contents\"><\/div><\/div><\/div>\t\t\t\t<\/div>\n\t\t\t\t\t\t\t\t\t\t\t\t\t\t\t<div class=\"swiper-pagination\"><\/div>\n\t\t\t\t\t\t\t\t\t\t\t\t\t\t\t\t<div class=\"elementor-swiper-button elementor-swiper-button-prev\" role=\"button\" tabindex=\"0\">\n\t\t\t\t\t\t\t<i aria-hidden=\"true\" class=\"eicon-chevron-left\"><\/i>\t\t\t\t\t\t\t<span class=\"elementor-screen-only\">Previous slide<\/span>\n\t\t\t\t\t\t<\/div>\n\t\t\t\t\t\t<div class=\"elementor-swiper-button elementor-swiper-button-next\" role=\"button\" tabindex=\"0\">\n\t\t\t\t\t\t\t<i aria-hidden=\"true\" class=\"eicon-chevron-right\"><\/i>\t\t\t\t\t\t\t<span class=\"elementor-screen-only\">Next slide<\/span>\n\t\t\t\t\t\t<\/div>\n\t\t\t\t\t\t\t\t\t\t\t\t<\/div>\n\t\t<\/div>\n\t\t\t\t<\/div>\n\t\t\t\t<\/div>\n\t\t\t\t\t<\/div>\n\t\t<\/div>\n\t\t\t\t\t<\/div>\n\t\t<\/section>\n\t\t\t\t<section class=\"elementor-section elementor-top-section elementor-element elementor-element-924e2cf elementor-section-boxed elementor-section-height-default elementor-section-height-default elementor-invisible\" data-id=\"924e2cf\" data-element_type=\"section\" data-settings=\"{&quot;animation&quot;:&quot;fadeIn&quot;}\">\n\t\t\t\t\t\t<div class=\"elementor-container elementor-column-gap-default\">\n\t\t\t\t\t<div class=\"elementor-column elementor-col-100 elementor-top-column elementor-element elementor-element-dfc07a0\" data-id=\"dfc07a0\" data-element_type=\"column\">\n\t\t\t<div class=\"elementor-widget-wrap elementor-element-populated\">\n\t\t\t\t\t\t<div class=\"elementor-element elementor-element-8b62ef8 elementor-widget elementor-widget-text-editor\" data-id=\"8b62ef8\" data-element_type=\"widget\" data-widget_type=\"text-editor.default\">\n\t\t\t\t<div class=\"elementor-widget-container\">\n\t\t\t\t\t\t\t<p>Die Vortr\u00e4ge fanden parallel in mehreren Veranstaltungsr\u00e4umen statt und bestanden aus Pr\u00e4sentationen, Ausstellungen sowie Weiterbildung, die hervorragend von allen Beteiligten pr\u00e4sentiert wurden und somit jedem Besucher einen Mehrwert einbrachten.<\/p><p class=\" translation-block\">Das Ziel der Veranstalter ist es, dass die \u201eArchitekturtage\u201c zu einem zentralen Ort werden, an dem einmal im Jahr wichtige Themen von Architekten in Bosnien und Herzegowina wie Gesetzgebung, zuk\u00fcnftige Aktivit\u00e4ten der Architekten im Bereich Raumplanung, Urbanismus und Unternehmertum vorgestellt und diskutiert werden. Es ist uns eine gro\u00dfe Freude, solche Veranstaltungen unterst\u00fctzen zu k\u00f6nnen und gratulieren dem Team noch einmal zu der hervorragenden Organisation.<\/p>\t\t\t\t\t\t<\/div>\n\t\t\t\t<\/div>\n\t\t\t\t\t<\/div>\n\t\t<\/div>\n\t\t\t\t\t<\/div>\n\t\t<\/section>\n\t\t\t\t<section class=\"elementor-section elementor-top-section elementor-element elementor-element-dd65501 elementor-section-boxed elementor-section-height-default elementor-section-height-default\" data-id=\"dd65501\" data-element_type=\"section\">\n\t\t\t\t\t\t<div class=\"elementor-container elementor-column-gap-default\">\n\t\t\t\t\t<div class=\"elementor-column elementor-col-100 elementor-top-column elementor-element elementor-element-6cf2901\" data-id=\"6cf2901\" data-element_type=\"column\">\n\t\t\t<div class=\"elementor-widget-wrap elementor-element-populated\">\n\t\t\t\t\t\t<div class=\"elementor-element elementor-element-4e7acff elementor-widget elementor-widget-spacer\" data-id=\"4e7acff\" data-element_type=\"widget\" data-widget_type=\"spacer.default\">\n\t\t\t\t<div class=\"elementor-widget-container\">\n\t\t\t\t\t<div class=\"elementor-spacer\">\n\t\t\t<div class=\"elementor-spacer-inner\"><\/div>\n\t\t<\/div>\n\t\t\t\t<\/div>\n\t\t\t\t<\/div>\n\t\t\t\t<div class=\"elementor-element elementor-element-931b916 elementor-widget elementor-widget-heading\" data-id=\"931b916\" data-element_type=\"widget\" data-widget_type=\"heading.default\">\n\t\t\t\t<div class=\"elementor-widget-container\">\n\t\t\t<h3 class=\"elementor-heading-title elementor-size-default\">Weiterlesen:<\/h3>\t\t<\/div>\n\t\t\t\t<\/div>\n\t\t\t\t<div class=\"elementor-element elementor-element-a71508f elementor-widget-divider--view-line elementor-widget elementor-widget-divider\" data-id=\"a71508f\" data-element_type=\"widget\" data-widget_type=\"divider.default\">\n\t\t\t\t<div class=\"elementor-widget-container\">\n\t\t\t\t\t<div class=\"elementor-divider\">\n\t\t\t<span class=\"elementor-divider-separator\">\n\t\t\t\t\t\t<\/span>\n\t\t<\/div>\n\t\t\t\t<\/div>\n\t\t\t\t<\/div>\n\t\t\t\t<section class=\"elementor-section elementor-inner-section elementor-element elementor-element-d84aebd elementor-section-full_width elementor-section-height-default elementor-section-height-default\" data-id=\"d84aebd\" data-element_type=\"section\">\n\t\t\t\t\t\t<div class=\"elementor-container elementor-column-gap-no\">\n\t\t\t\t\t<div class=\"elementor-column elementor-col-33 elementor-inner-column elementor-element elementor-element-65557c3\" data-id=\"65557c3\" data-element_type=\"column\">\n\t\t\t<div class=\"elementor-widget-wrap elementor-element-populated\">\n\t\t\t\t\t\t<div class=\"elementor-element elementor-element-f6e3b09 elementor-widget elementor-widget-image\" data-id=\"f6e3b09\" data-element_type=\"widget\" data-widget_type=\"image.default\">\n\t\t\t\t<div class=\"elementor-widget-container\">\n\t\t\t\t\t\t\t\t\t\t\t\t\t\t<a href=\"https:\/\/fealold.feal.hr\/de\/natjecaj-za-dodjelu-stipendija\/\">\n\t\t\t\t\t\t\t<img decoding=\"async\" width=\"612\" height=\"400\" src=\"https:\/\/fealold.feal.hr\/wp-content\/uploads\/2020\/11\/stipendije-3.jpg\" class=\"attachment-full size-full wp-image-6004\" alt=\"\" srcset=\"https:\/\/fealold.feal.hr\/wp-content\/uploads\/2020\/11\/stipendije-3.jpg 612w, https:\/\/fealold.feal.hr\/wp-content\/uploads\/2020\/11\/stipendije-3-300x196.jpg 300w, https:\/\/fealold.feal.hr\/wp-content\/uploads\/2020\/11\/stipendije-3-16x10.jpg 16w\" sizes=\"(max-width: 612px) 100vw, 612px\" \/>\t\t\t\t\t\t\t\t<\/a>\n\t\t\t\t\t\t\t\t\t\t\t\t\t<\/div>\n\t\t\t\t<\/div>\n\t\t\t\t<div class=\"elementor-element elementor-element-2c93bb7 elementor-widget elementor-widget-heading\" data-id=\"2c93bb7\" data-element_type=\"widget\" data-widget_type=\"heading.default\">\n\t\t\t\t<div class=\"elementor-widget-container\">\n\t\t\t<h5 class=\"elementor-heading-title elementor-size-default\"><a href=\"https:\/\/fealold.feal.hr\/de\/natjecaj-za-dodjelu-stipendija\/\">Stipendien-Wettbewerb<\/a><\/h5>\t\t<\/div>\n\t\t\t\t<\/div>\n\t\t\t\t<div class=\"elementor-element elementor-element-bf2360c elementor-widget elementor-widget-text-editor\" data-id=\"bf2360c\" data-element_type=\"widget\" data-widget_type=\"text-editor.default\">\n\t\t\t\t<div class=\"elementor-widget-container\">\n\t\t\t\t\t\t\t\u00d6ffentliche Ausschreibung f\u00fcr Studenten des ersten und zweiten Studienzyklus f\u00fcr das akademische Jahr 2020\/2021\t\t\t\t\t\t<\/div>\n\t\t\t\t<\/div>\n\t\t\t\t<div class=\"elementor-element elementor-element-c6b256a elementor-align-left elementor-widget elementor-widget-button\" data-id=\"c6b256a\" data-element_type=\"widget\" data-widget_type=\"button.default\">\n\t\t\t\t<div class=\"elementor-widget-container\">\n\t\t\t\t\t<div class=\"elementor-button-wrapper\">\n\t\t\t<a class=\"elementor-button elementor-button-link elementor-size-md\" href=\"https:\/\/fealold.feal.hr\/de\/natjecaj-za-dodjelu-stipendija\/\">\n\t\t\t\t\t\t<span class=\"elementor-button-content-wrapper\">\n\t\t\t\t\t\t<span class=\"elementor-button-icon\">\n\t\t\t\t<i aria-hidden=\"true\" class=\"fas fa-angle-double-right\"><\/i>\t\t\t<\/span>\n\t\t\t\t\t\t\t\t\t<span class=\"elementor-button-text\">Weiterlesen<\/span>\n\t\t\t\t\t<\/span>\n\t\t\t\t\t<\/a>\n\t\t<\/div>\n\t\t\t\t<\/div>\n\t\t\t\t<\/div>\n\t\t\t\t\t<\/div>\n\t\t<\/div>\n\t\t\t\t<div class=\"elementor-column elementor-col-33 elementor-inner-column elementor-element elementor-element-120a64d\" data-id=\"120a64d\" data-element_type=\"column\">\n\t\t\t<div class=\"elementor-widget-wrap elementor-element-populated\">\n\t\t\t\t\t\t<div class=\"elementor-element elementor-element-6b54777 elementor-widget elementor-widget-image\" data-id=\"6b54777\" data-element_type=\"widget\" data-widget_type=\"image.default\">\n\t\t\t\t<div class=\"elementor-widget-container\">\n\t\t\t\t\t\t\t\t\t\t\t\t\t<img decoding=\"async\" width=\"500\" height=\"327\" src=\"https:\/\/fealold.feal.hr\/wp-content\/uploads\/2020\/04\/dani-arhitekata.jpg\" class=\"attachment-full size-full wp-image-1134\" alt=\"\" srcset=\"https:\/\/fealold.feal.hr\/wp-content\/uploads\/2020\/04\/dani-arhitekata.jpg 500w, https:\/\/fealold.feal.hr\/wp-content\/uploads\/2020\/04\/dani-arhitekata-300x196.jpg 300w\" sizes=\"(max-width: 500px) 100vw, 500px\" \/>\t\t\t\t\t\t\t\t\t\t\t\t\t<\/div>\n\t\t\t\t<\/div>\n\t\t\t\t<div class=\"elementor-element elementor-element-afcb27a elementor-widget elementor-widget-heading\" data-id=\"afcb27a\" data-element_type=\"widget\" data-widget_type=\"heading.default\">\n\t\t\t\t<div class=\"elementor-widget-container\">\n\t\t\t<h5 class=\"elementor-heading-title elementor-size-default\"><a href=\"https:\/\/fealold.feal.hr\/de\/vijest-dani-arhitekata-3-0\/\">Tage der Architekten 3.0<\/a><\/h5>\t\t<\/div>\n\t\t\t\t<\/div>\n\t\t\t\t<div class=\"elementor-element elementor-element-c31b1c0 elementor-widget elementor-widget-text-editor\" data-id=\"c31b1c0\" data-element_type=\"widget\" data-widget_type=\"text-editor.default\">\n\t\t\t\t<div class=\"elementor-widget-container\">\n\t\t\t\t\t\t\t<p>FEAL hat auch an der diesj\u00e4hrigen f\u00fchrenden Fachversammlung \"Tage der Architekten 3.0\" teilgenommen<\/p>\t\t\t\t\t\t<\/div>\n\t\t\t\t<\/div>\n\t\t\t\t<div class=\"elementor-element elementor-element-d859265 elementor-align-left elementor-widget elementor-widget-button\" data-id=\"d859265\" data-element_type=\"widget\" data-widget_type=\"button.default\">\n\t\t\t\t<div class=\"elementor-widget-container\">\n\t\t\t\t\t<div class=\"elementor-button-wrapper\">\n\t\t\t<a class=\"elementor-button elementor-button-link elementor-size-md\" href=\"https:\/\/fealold.feal.hr\/de\/vijest-dani-arhitekata-3-0\/\">\n\t\t\t\t\t\t<span class=\"elementor-button-content-wrapper\">\n\t\t\t\t\t\t<span class=\"elementor-button-icon\">\n\t\t\t\t<i aria-hidden=\"true\" class=\"fas fa-angle-double-right\"><\/i>\t\t\t<\/span>\n\t\t\t\t\t\t\t\t\t<span class=\"elementor-button-text\">Weiterlesen<\/span>\n\t\t\t\t\t<\/span>\n\t\t\t\t\t<\/a>\n\t\t<\/div>\n\t\t\t\t<\/div>\n\t\t\t\t<\/div>\n\t\t\t\t\t<\/div>\n\t\t<\/div>\n\t\t\t\t<div class=\"elementor-column elementor-col-33 elementor-inner-column elementor-element elementor-element-7e79380\" data-id=\"7e79380\" data-element_type=\"column\">\n\t\t\t<div class=\"elementor-widget-wrap elementor-element-populated\">\n\t\t\t\t\t\t<div class=\"elementor-element elementor-element-7bf2a3b elementor-widget elementor-widget-image\" data-id=\"7bf2a3b\" data-element_type=\"widget\" data-widget_type=\"image.default\">\n\t\t\t\t<div class=\"elementor-widget-container\">\n\t\t\t\t\t\t\t\t\t\t\t\t\t<img loading=\"lazy\" decoding=\"async\" width=\"500\" height=\"327\" src=\"https:\/\/fealold.feal.hr\/wp-content\/uploads\/2020\/04\/sfera-vijest.jpg\" class=\"attachment-full size-full wp-image-1488\" alt=\"\" srcset=\"https:\/\/fealold.feal.hr\/wp-content\/uploads\/2020\/04\/sfera-vijest.jpg 500w, https:\/\/fealold.feal.hr\/wp-content\/uploads\/2020\/04\/sfera-vijest-300x196.jpg 300w\" sizes=\"(max-width: 500px) 100vw, 500px\" \/>\t\t\t\t\t\t\t\t\t\t\t\t\t<\/div>\n\t\t\t\t<\/div>\n\t\t\t\t<div class=\"elementor-element elementor-element-7bde82f elementor-widget elementor-widget-heading\" data-id=\"7bde82f\" data-element_type=\"widget\" data-widget_type=\"heading.default\">\n\t\t\t\t<div class=\"elementor-widget-container\">\n\t\t\t<h5 class=\"elementor-heading-title elementor-size-default\"><a href=\"https:\/\/fealold.feal.hr\/de\/vijest-sfera-2020\/\">Sfera 2020<\/a><\/h5>\t\t<\/div>\n\t\t\t\t<\/div>\n\t\t\t\t<div class=\"elementor-element elementor-element-c91a579 elementor-widget elementor-widget-text-editor\" data-id=\"c91a579\" data-element_type=\"widget\" data-widget_type=\"text-editor.default\">\n\t\t\t\t<div class=\"elementor-widget-container\">\n\t\t\t\t\t\t\t<p>Unser Unternehmen unterst\u00fctzte die Veranstalter auch in diesem Jahr und war Hauptsponsor der Konferenz<\/p>\t\t\t\t\t\t<\/div>\n\t\t\t\t<\/div>\n\t\t\t\t<div class=\"elementor-element elementor-element-ad7ce43 elementor-align-left elementor-widget elementor-widget-button\" data-id=\"ad7ce43\" data-element_type=\"widget\" data-widget_type=\"button.default\">\n\t\t\t\t<div class=\"elementor-widget-container\">\n\t\t\t\t\t<div class=\"elementor-button-wrapper\">\n\t\t\t<a class=\"elementor-button elementor-button-link elementor-size-md\" href=\"https:\/\/fealold.feal.hr\/de\/vijest-sfera-2020\/\">\n\t\t\t\t\t\t<span class=\"elementor-button-content-wrapper\">\n\t\t\t\t\t\t<span class=\"elementor-button-icon\">\n\t\t\t\t<i aria-hidden=\"true\" class=\"fas fa-angle-double-right\"><\/i>\t\t\t<\/span>\n\t\t\t\t\t\t\t\t\t<span class=\"elementor-button-text\">Weiterlesen<\/span>\n\t\t\t\t\t<\/span>\n\t\t\t\t\t<\/a>\n\t\t<\/div>\n\t\t\t\t<\/div>\n\t\t\t\t<\/div>\n\t\t\t\t\t<\/div>\n\t\t<\/div>\n\t\t\t\t\t<\/div>\n\t\t<\/section>\n\t\t\t\t\t<\/div>\n\t\t<\/div>\n\t\t\t\t\t<\/div>\n\t\t<\/section>\n\t\t\t\t<section class=\"elementor-section elementor-top-section elementor-element elementor-element-37861fe elementor-section-boxed elementor-section-height-default elementor-section-height-default\" data-id=\"37861fe\" data-element_type=\"section\">\n\t\t\t\t\t\t<div class=\"elementor-container elementor-column-gap-default\">\n\t\t\t\t\t<div class=\"elementor-column elementor-col-100 elementor-top-column elementor-element elementor-element-185f94d\" data-id=\"185f94d\" data-element_type=\"column\">\n\t\t\t<div class=\"elementor-widget-wrap elementor-element-populated\">\n\t\t\t\t\t\t<div class=\"elementor-element elementor-element-14b7467 elementor-widget elementor-widget-spacer\" data-id=\"14b7467\" data-element_type=\"widget\" data-widget_type=\"spacer.default\">\n\t\t\t\t<div class=\"elementor-widget-container\">\n\t\t\t\t\t<div class=\"elementor-spacer\">\n\t\t\t<div class=\"elementor-spacer-inner\"><\/div>\n\t\t<\/div>\n\t\t\t\t<\/div>\n\t\t\t\t<\/div>\n\t\t\t\t\t<\/div>\n\t\t<\/div>\n\t\t\t\t\t<\/div>\n\t\t<\/section>\n\t\t\t\t<\/div>","protected":false},"excerpt":{"rendered":"<p>&lt; Povratak na sve vijesti Dani arhitekture u vrijeme ubrzane digitalizacije 22.09.2021.\u200b Dani arhitekture predstavljaju jedan od najve\u0107ih doga\u0111aja u oblasti arhitekture u Bosni i Hercegovini te nam je iznimno zadovoljstvo \u0161to smo i ove godine bili zlatni sponzori ovog trodnevnog skupa. Dani arhitekture predstavljaju jedan od najve\u0107ih doga\u0111aja u oblasti arhitekture u Bosni i &hellip;<\/p>\n<p class=\"read-more\"> <a class=\"\" href=\"https:\/\/fealold.feal.hr\/de\/vijest-dani-arhitekture-u-vrijeme-ubrzane-digitalizacije\/\"> <span class=\"screen-reader-text\">Vijest: Dani arhitekture u vrijeme ubrzane digitalizacije<\/span> Weiterlesen &raquo;<\/a><\/p>","protected":false},"author":4,"featured_media":0,"parent":0,"menu_order":0,"comment_status":"closed","ping_status":"closed","template":"","meta":{"footnotes":""},"tags":[],"class_list":["post-6655","page","type-page","status-publish","hentry"],"_links":{"self":[{"href":"https:\/\/fealold.feal.hr\/de\/wp-json\/wp\/v2\/pages\/6655","targetHints":{"allow":["GET"]}}],"collection":[{"href":"https:\/\/fealold.feal.hr\/de\/wp-json\/wp\/v2\/pages"}],"about":[{"href":"https:\/\/fealold.feal.hr\/de\/wp-json\/wp\/v2\/types\/page"}],"author":[{"embeddable":true,"href":"https:\/\/fealold.feal.hr\/de\/wp-json\/wp\/v2\/users\/4"}],"replies":[{"embeddable":true,"href":"https:\/\/fealold.feal.hr\/de\/wp-json\/wp\/v2\/comments?post=6655"}],"version-history":[{"count":10,"href":"https:\/\/fealold.feal.hr\/de\/wp-json\/wp\/v2\/pages\/6655\/revisions"}],"predecessor-version":[{"id":6984,"href":"https:\/\/fealold.feal.hr\/de\/wp-json\/wp\/v2\/pages\/6655\/revisions\/6984"}],"wp:attachment":[{"href":"https:\/\/fealold.feal.hr\/de\/wp-json\/wp\/v2\/media?parent=6655"}],"wp:term":[{"taxonomy":"post_tag","embeddable":true,"href":"https:\/\/fealold.feal.hr\/de\/wp-json\/wp\/v2\/tags?post=6655"}],"curies":[{"name":"wp","href":"https:\/\/api.w.org\/{rel}","templated":true}]}}